{"id":2084113,"date":"2026-08-17T18:51:54","date_gmt":"2026-08-17T16:51:54","guid":{"rendered":"https:\/\/backgroundproperties.com\/property\/offc4xy4677jav-appartement-neuf-a-vendre-a-javea\/"},"modified":"2026-08-17T18:51:54","modified_gmt":"2026-08-17T16:51:54","slug":"offc4xy4677jav-appartement-neuf-a-vendre-a-javea","status":"publish","type":"property","link":"https:\/\/backgroundproperties.com\/fr\/property\/offc4xy4677jav-appartement-neuf-a-vendre-a-javea\/","title":{"rendered":"OFFC4XY4677JAV Appartement neuf \u00e0 vendre \u00e0 J\u00e1vea"},"content":{"rendered":"<p data-path-to-node=\"30\"><b data-path-to-node=\"30\" data-index-in-node=\"0\">Magnifique appartement neuf \u00e0 vendre \u00e0 J\u00e1vea<\/b><\/p>\n<p data-path-to-node=\"31\">Dans ce complexe r\u00e9sidentiel neuf et \u00e9l\u00e9gant, compos\u00e9 de quatre b\u00e2timents harmonieux, se trouve ce superbe appartement r\u00e9cemment livr\u00e9, situ\u00e9 au premier \u00e9tage du Bloc 3.<\/p>\n<p data-path-to-node=\"32\">Cet appartement contemporain a \u00e9t\u00e9 pens\u00e9 pour offrir une luminosit\u00e9 optimale et une belle sensation d&#8217;espace. Il se compose d&#8217;un grand s\u00e9jour-salle \u00e0 manger avec une cuisine semi-ouverte attenante. La cuisine est enti\u00e8rement am\u00e9nag\u00e9e dans un style moderne et \u00e9pur\u00e9, avec des mat\u00e9riaux de qualit\u00e9 superior et des appareils int\u00e9gr\u00e9s de la marque Bosch (plaque \u00e0 induction, four, micro-ondes et hotte), ainsi que des meubles hauts et bas aux poign\u00e9es subtilement int\u00e9gr\u00e9es. Le bien comprend \u00e9galement trois chambres doubles et deux salles de bains. De grandes baies vitr\u00e9es coulissantes permettent d&#8217;acc\u00e9der, depuis le s\u00e9jour ainsi que depuis la chambre principale, \u00e0 une grande terrasse priv\u00e9e agr\u00e9ment\u00e9e d&#8217;une partie jardin. De plus, la deuxi\u00e8me chambre b\u00e9n\u00e9ficie de sa propre terrasse priv\u00e9e.<\/p>\n<p data-path-to-node=\"33\">L&#8217;appartement est \u00e9quip\u00e9 d&#8217;un syst\u00e8me de climatisation r\u00e9versible (chaud\/froid) gainable, d&#8217;une pompe \u00e0 chaleur a\u00e9rothermique pour l&#8217;eau chaude sanitaire et d&#8217;une isolation thermique et phonique de haute performance. Les menuiseries ext\u00e9rieures \u00e0 rupture de pont thermique et le double vitrage contribuent au caract\u00e8re \u00e9conome en \u00e9nergie du logement, tandis que les volets dans les chambres garantissent un confort et una intimit\u00e9 suppl\u00e9mentaires.<\/p>\n<p data-path-to-node=\"34\">Le bien comprend \u00e9galement une cave priv\u00e9e et une place de parking en sous-sol, accessible par ascenseur jusqu&#8217;\u00e0 l&#8217;\u00e9tage d&#8217;habitation. Les parties communes de la r\u00e9sidence ont \u00e9t\u00e9 r\u00e9alis\u00e9es avec le m\u00eame soin et comprennent un beau jardin paysager avec piscine commune.<\/p>\n<p data-path-to-node=\"35\">L&#8217;emplacement est particuli\u00e8rement pris\u00e9, \u00e0 quelques minutes \u00e0 pied du centre historique et du charmant port de J\u00e1vea, vous permettant de profiter d&#8217;un \u00e9quilibre parfait entre tranquillit\u00e9, confort et convivialit\u00e9.<\/p>\n<p data-path-to-node=\"36\">Cet appartement constitue une opportunit\u00e9 unique d&#8217;habiter ou d&#8217;investir dans une r\u00e9sidence moderne et \u00e9conome en \u00e9nergie dans un emplacement privil\u00e9gi\u00e9 \u00e0 J\u00e1vea, pour profiter toute l&#8217;ann\u00e9e du soleil, de la mer et de la douceur de vivre m\u00e9diterran\u00e9enne.<\/p>\n","protected":false},"excerpt":{"rendered":"<p>Magnifique appartement neuf \u00e0 vendre \u00e0 J\u00e1vea Dans ce complexe r\u00e9sidentiel neuf et \u00e9l\u00e9gant, compos\u00e9 de quatre b\u00e2timents harmonieux, se trouve ce superbe appartement r\u00e9cemment livr\u00e9, situ\u00e9 au premier \u00e9tage du Bloc 3. Cet appartement contemporain a \u00e9t\u00e9 pens\u00e9 pour offrir une luminosit\u00e9 optimale et une belle sensation d&#8217;espace. Il se compose d&#8217;un grand s\u00e9jour-salle [&hellip;]<\/p>\n","protected":false},"author":33,"featured_media":2083934,"parent":0,"menu_order":0,"template":"","property_type":[],"property_status":[2527],"property_feature":[2489,2577,2460,2613,2537,2488,2512,2110,2515,2461,2643,2492,2815,2490,2895,2948],"property_label":[],"property_country":[2455],"property_state":[886],"property_city":[894],"property_area":[1407],"class_list":["post-2084113","property","type-property","status-publish","has-post-thumbnail","hentry","property_status-nouveau-batiment","property_feature-armoires-encastrees-fr","property_feature-ascenseur-fr","property_feature-balcon-fr-2","property_feature-piscine-interieure-fr","property_feature-chauffage-central-fr","property_feature-climatisation-fr","property_feature-double-vitrage","property_feature-garage-fr","property_feature-jardin-fr-2","property_feature-piscine-fr","property_feature-piscine-chauffee-fr","property_feature-porte-automatique","property_feature-spa-fr","property_feature-stockage","property_feature-systeme-de-ventilation","property_feature-terras","property_country-espagne-fr","property_state-alicante-fr","property_city-javea-fr","property_area-centrum-fr"],"property_meta":{"image_count":["0"],"_last_translation_edit_mode":["translation-editor"],"_wpml_media_duplicate":["1"],"_wpml_media_featured":["1"],"fave_featured":["0"],"houzez_featured_listing_date":[""],"fave_property_images":["2083932","2083937","2083942","2083947","2083952","2083957","2083962","2083967","2083972","2083977","2083982","2083987","2083992","2083997","2084002","2084007","2084012","2084017","2084022","2084027","2084032","2084037","2084042","2084047","2084052","2084057","2084062","2084067","2084072","2084077","2084082","2084087","2084092","2084097","2084102","2084107"],"fave_agent_display_option":["none"],"fave_single_top_area":["global"],"_top_nav_excluded":[""],"_cms_nav_minihome":[""],"fave_property_price":["497000"],"fave_property_size":["140"],"fave_property_bedrooms":["3"],"fave_property_bathrooms":["2"],"fave_property_garage":["1"],"fave_property_year":["2026"],"fave_property_id":["OFFC4XY4677JAV"],"fave_property_map":["1"],"fave_property_map_address":["X\u00e0bia \/ J\u00e1vea, la Marina Alta, Alacant \/ Alicante, Comunitat Valenciana, Espa\u00f1a"],"fave_property_location":["38.791690379235,0.17028460868346,15"],"houzez_geolocation_lat":["38.791690379235"],"houzez_geolocation_long":["0.17028460868346"],"fave_property_map_street_view":["hide"],"fave_prop_homeslider":["no"],"fave_afstand-tot-zee":["500"],"fave_airconditioning":["Oui"],"fave_oric3abntatie":["Ouest"],"fave_uitzicht":["Village"],"fave_verdiepingen":["1"],"fave_verwarming":["Climatisation chaud\/froid"],"fave_woningtype":["Appartement"],"fave_zwembad":["Commun"],"fave_constructie":["Construction neuve"],"fave_gebruiksopp-woning":["99"],"_thumbnail_id":["2083934"],"_wpml_word_count":["398"],"houzez_total_property_views":["37"],"houzez_views_by_date":["a:13:{s:10:\"08-19-2026\";i:2;s:10:\"08-20-2026\";i:3;s:10:\"08-21-2026\";i:3;s:10:\"08-22-2026\";i:1;s:10:\"08-23-2026\";i:4;s:10:\"08-24-2026\";i:6;s:10:\"08-25-2026\";i:3;s:10:\"08-26-2026\";i:2;s:10:\"08-27-2026\";i:3;s:10:\"08-28-2026\";i:1;s:10:\"08-30-2026\";i:1;s:10:\"08-31-2026\";i:4;s:10:\"09-01-2026\";i:4;}"],"houzez_recently_viewed":["2026-09-01 13:14:23"],"_elementor_global_class_usage_indexed":["1"],"_elementor_page_assets":["a:0:{}"]},"_links":{"self":[{"href":"https:\/\/backgroundproperties.com\/fr\/wp-json\/wp\/v2\/properties\/2084113","targetHints":{"allow":["GET"]}}],"collection":[{"href":"https:\/\/backgroundproperties.com\/fr\/wp-json\/wp\/v2\/properties"}],"about":[{"href":"https:\/\/backgroundproperties.com\/fr\/wp-json\/wp\/v2\/types\/property"}],"author":[{"embeddable":true,"href":"https:\/\/backgroundproperties.com\/fr\/wp-json\/wp\/v2\/users\/33"}],"version-history":[{"count":0,"href":"https:\/\/backgroundproperties.com\/fr\/wp-json\/wp\/v2\/properties\/2084113\/revisions"}],"wp:featuredmedia":[{"embeddable":true,"href":"https:\/\/backgroundproperties.com\/fr\/wp-json\/wp\/v2\/media\/2083934"}],"wp:attachment":[{"href":"https:\/\/backgroundproperties.com\/fr\/wp-json\/wp\/v2\/media?parent=2084113"}],"wp:term":[{"taxonomy":"property_type","embeddable":true,"href":"https:\/\/backgroundproperties.com\/fr\/wp-json\/wp\/v2\/property_type?post=2084113"},{"taxonomy":"property_status","embeddable":true,"href":"https:\/\/backgroundproperties.com\/fr\/wp-json\/wp\/v2\/property_status?post=2084113"},{"taxonomy":"property_feature","embeddable":true,"href":"https:\/\/backgroundproperties.com\/fr\/wp-json\/wp\/v2\/property_feature?post=2084113"},{"taxonomy":"property_label","embeddable":true,"href":"https:\/\/backgroundproperties.com\/fr\/wp-json\/wp\/v2\/property_label?post=2084113"},{"taxonomy":"property_country","embeddable":true,"href":"https:\/\/backgroundproperties.com\/fr\/wp-json\/wp\/v2\/property_country?post=2084113"},{"taxonomy":"property_state","embeddable":true,"href":"https:\/\/backgroundproperties.com\/fr\/wp-json\/wp\/v2\/property_state?post=2084113"},{"taxonomy":"property_city","embeddable":true,"href":"https:\/\/backgroundproperties.com\/fr\/wp-json\/wp\/v2\/property_city?post=2084113"},{"taxonomy":"property_area","embeddable":true,"href":"https:\/\/backgroundproperties.com\/fr\/wp-json\/wp\/v2\/property_area?post=2084113"}],"curies":[{"name":"wp","href":"https:\/\/api.w.org\/{rel}","templated":true}]}}