{"id":2083178,"date":"2026-08-07T14:23:01","date_gmt":"2026-08-07T12:23:01","guid":{"rendered":"https:\/\/backgroundproperties.com\/property\/c4xy8344cal-villa-jumelee-a-vendre-a-calpe\/"},"modified":"2026-08-07T14:23:01","modified_gmt":"2026-08-07T12:23:01","slug":"c4xy8344cal-villa-jumelee-a-vendre-a-calpe","status":"publish","type":"property","link":"https:\/\/backgroundproperties.com\/fr\/property\/c4xy8344cal-villa-jumelee-a-vendre-a-calpe\/","title":{"rendered":"C4XY8344CAL Villa jumel\u00e9e \u00e0 vendre \u00e0 Calpe."},"content":{"rendered":"<p>Villa jumel\u00e9e \u00e0 Calpe offrant un havre de paix o\u00f9 l&#8217;architecture et la nature environnante se fondent en parfaite harmonie. Le rez-de-chauss\u00e9e, v\u00e9ritable c\u0153ur de la maison, s&#8217;articule autour d&#8217;un vaste s\u00e9jour-salle \u00e0 manger baign\u00e9 de lumi\u00e8re m\u00e9diterran\u00e9enne. Attenante, la cuisine enti\u00e8rement \u00e9quip\u00e9e est pr\u00eate \u00e0 donner vie \u00e0 toutes vos envies culinaires, tandis que la grande terrasse principale offre un panorama exceptionnel sur les majestueuses montagnes qui entourent la ville.<\/p>\n<p>Au niveau inf\u00e9rieur, vous d\u00e9couvrirez l&#8217;espace nuit, con\u00e7u pour l&#8217;intimit\u00e9 et le confort. Trois chambres accueillantes et deux salles de bain compl\u00e8tes s&#8217;ouvrent directement sur un jardin privatif, id\u00e9al pour profiter de la brise du soir, lire en plein air ou cultiver votre propre coin de verdure.<\/p>\n<p>Le confort de vie est sublim\u00e9 par des espaces communs bien entretenus, comprenant une piscine pour les chaudes journ\u00e9es d&#8217;\u00e9t\u00e9, un court de paddle-tennis et une place de parking juste devant la villa.<\/p>\n<p>Situ\u00e9e dans l&#8217;un des joyaux de la Costa Blanca, la propri\u00e9t\u00e9 b\u00e9n\u00e9ficie de tout ce qui fait le charme de Calpe\u00a0: ses plages embl\u00e9matiques de sable fin et d&#8217;eaux cristallines, l&#8217;imposant Pe\u00f1\u00f3n de Ifach qui domine l&#8217;horizon, une vieille ville pleine de charme et charg\u00e9e d&#8217;histoire, et une gastronomie de fruits de mer de renomm\u00e9e mondiale. Un havre de paix o\u00f9 se m\u00ealent la tranquillit\u00e9 des montagnes et l&#8217;\u00e9nergie vibrante de la M\u00e9diterran\u00e9e.<\/p>\n","protected":false},"excerpt":{"rendered":"<p>Villa jumel\u00e9e \u00e0 Calpe offrant un havre de paix o\u00f9 l&#8217;architecture et la nature environnante se fondent en parfaite harmonie. Le rez-de-chauss\u00e9e, v\u00e9ritable c\u0153ur de la maison, s&#8217;articule autour d&#8217;un vaste s\u00e9jour-salle \u00e0 manger baign\u00e9 de lumi\u00e8re m\u00e9diterran\u00e9enne. Attenante, la cuisine enti\u00e8rement \u00e9quip\u00e9e est pr\u00eate \u00e0 donner vie \u00e0 toutes vos envies culinaires, tandis que [&hellip;]<\/p>\n","protected":false},"author":35,"featured_media":2083022,"parent":0,"menu_order":0,"template":"","property_type":[859],"property_status":[2454],"property_feature":[2458,2489,2994,2512,2571,2717,3001,2515,2517,2831,2145,2461,2985,2948,2459],"property_label":[],"property_country":[2455],"property_state":[886],"property_city":[902],"property_area":[],"class_list":["post-2083178","property","type-property","status-publish","has-post-thumbnail","hentry","property_type-villa-fr","property_status-revente-fr","property_feature-alarme-fr","property_feature-armoires-encastrees-fr","property_feature-balcony","property_feature-double-vitrage","property_feature-drainage","property_feature-electricity-fr","property_feature-fitted-wardrobes","property_feature-jardin-fr-2","property_feature-leau","property_feature-parking-fr","property_feature-patio-fr","property_feature-piscine-fr","property_feature-pool","property_feature-terras","property_feature-volets-roulants-fr","property_country-espagne-fr","property_state-alicante-fr","property_city-calpe-fr"],"property_meta":{"image_count":["0"],"_last_translation_edit_mode":["translation-editor"],"_wpml_media_duplicate":["1"],"_wpml_media_featured":["1"],"fave_featured":["0"],"houzez_featured_listing_date":[""],"fave_property_images":["2083020","2083025","2083030","2083035","2083040","2083045","2083050","2083055","2083060","2083065","2083070","2083075","2083080","2083085","2083090","2083095","2083100","2083105","2083110","2083115","2083120","2083125","2083130","2083135","2083140","2083145","2083150","2083155","2083160","2083165","2083170"],"fave_agent_display_option":["none"],"fave_single_top_area":["global"],"fave_afstand-tot-zee":["7200"],"fave_ibi":["439"],"fave_oric3abntatie":["West"],"fave_verdiepingen":["2"],"fave_vereniging-van-eigenaren":["252"],"_top_nav_excluded":[""],"_cms_nav_minihome":[""],"fave_property_price":["340000"],"fave_property_size":["120"],"fave_property_bedrooms":["3"],"fave_property_bathrooms":["2"],"fave_property_garage":["1"],"fave_property_year":["2010"],"fave_property_id":["C4XY8344CAL"],"fave_property_map":["1"],"fave_property_map_address":["Tosal de la Cometa, Gran Sol, Urbanitzaci\u00f3 Les Cometes, Calp, la Marina Alta, Alacant \/ Alicante, Comunitat Valenciana, 03710, Espa\u00f1a"],"fave_property_location":["38.669488,0.0638728,15"],"houzez_geolocation_lat":["38.669488"],"houzez_geolocation_long":["0.0638728"],"fave_property_map_street_view":["hide"],"fave_video_url":["https:\/\/youtu.be\/fE3IQ3XGQRI"],"fave_prop_homeslider":["no"],"fave_energy_class":["B"],"fave_kitchen":["ouvrir"],"fave_terrein":["L\u00e9g\u00e8rement inclin\u00e9"],"fave_uitzicht":["Open","Montagne"],"fave_woningtype":["Villa"],"fave_zwembad":["Communs"],"fave_constructie":["Classique"],"_thumbnail_id":["2083022"],"_wpml_word_count":["256"],"houzez_total_property_views":["49"],"houzez_views_by_date":["a:22:{s:10:\"08-07-2026\";i:5;s:10:\"08-08-2026\";i:2;s:10:\"08-09-2026\";i:1;s:10:\"08-10-2026\";i:3;s:10:\"08-11-2026\";i:2;s:10:\"08-13-2026\";i:5;s:10:\"08-14-2026\";i:2;s:10:\"08-15-2026\";i:2;s:10:\"08-16-2026\";i:3;s:10:\"08-17-2026\";i:2;s:10:\"08-18-2026\";i:1;s:10:\"08-20-2026\";i:2;s:10:\"08-21-2026\";i:2;s:10:\"08-22-2026\";i:3;s:10:\"08-23-2026\";i:2;s:10:\"08-24-2026\";i:1;s:10:\"08-25-2026\";i:4;s:10:\"08-26-2026\";i:1;s:10:\"08-27-2026\";i:2;s:10:\"08-28-2026\";i:1;s:10:\"08-31-2026\";i:1;s:10:\"09-01-2026\";i:2;}"],"houzez_recently_viewed":["2026-09-01 12:19:07"],"_elementor_global_class_usage_indexed":["1"],"_elementor_page_assets":["a:0:{}"]},"_links":{"self":[{"href":"https:\/\/backgroundproperties.com\/fr\/wp-json\/wp\/v2\/properties\/2083178","targetHints":{"allow":["GET"]}}],"collection":[{"href":"https:\/\/backgroundproperties.com\/fr\/wp-json\/wp\/v2\/properties"}],"about":[{"href":"https:\/\/backgroundproperties.com\/fr\/wp-json\/wp\/v2\/types\/property"}],"author":[{"embeddable":true,"href":"https:\/\/backgroundproperties.com\/fr\/wp-json\/wp\/v2\/users\/35"}],"version-history":[{"count":0,"href":"https:\/\/backgroundproperties.com\/fr\/wp-json\/wp\/v2\/properties\/2083178\/revisions"}],"wp:featuredmedia":[{"embeddable":true,"href":"https:\/\/backgroundproperties.com\/fr\/wp-json\/wp\/v2\/media\/2083022"}],"wp:attachment":[{"href":"https:\/\/backgroundproperties.com\/fr\/wp-json\/wp\/v2\/media?parent=2083178"}],"wp:term":[{"taxonomy":"property_type","embeddable":true,"href":"https:\/\/backgroundproperties.com\/fr\/wp-json\/wp\/v2\/property_type?post=2083178"},{"taxonomy":"property_status","embeddable":true,"href":"https:\/\/backgroundproperties.com\/fr\/wp-json\/wp\/v2\/property_status?post=2083178"},{"taxonomy":"property_feature","embeddable":true,"href":"https:\/\/backgroundproperties.com\/fr\/wp-json\/wp\/v2\/property_feature?post=2083178"},{"taxonomy":"property_label","embeddable":true,"href":"https:\/\/backgroundproperties.com\/fr\/wp-json\/wp\/v2\/property_label?post=2083178"},{"taxonomy":"property_country","embeddable":true,"href":"https:\/\/backgroundproperties.com\/fr\/wp-json\/wp\/v2\/property_country?post=2083178"},{"taxonomy":"property_state","embeddable":true,"href":"https:\/\/backgroundproperties.com\/fr\/wp-json\/wp\/v2\/property_state?post=2083178"},{"taxonomy":"property_city","embeddable":true,"href":"https:\/\/backgroundproperties.com\/fr\/wp-json\/wp\/v2\/property_city?post=2083178"},{"taxonomy":"property_area","embeddable":true,"href":"https:\/\/backgroundproperties.com\/fr\/wp-json\/wp\/v2\/property_area?post=2083178"}],"curies":[{"name":"wp","href":"https:\/\/api.w.org\/{rel}","templated":true}]}}